{"id":151,"date":"2024-02-07T19:29:42","date_gmt":"2024-02-07T18:29:42","guid":{"rendered":"https:\/\/flevolution.eu\/cms\/?page_id=151"},"modified":"2025-02-23T20:02:02","modified_gmt":"2025-02-23T19:02:02","slug":"partenaires-associes","status":"publish","type":"page","link":"https:\/\/flevolution.eu\/cms\/index.php\/partenaires-associes\/","title":{"rendered":"Partenaires associ\u00e9s"},"content":{"rendered":"\n<h4 class=\"wp-block-heading has-medium-font-size\"><strong>\u00c9dition 202<\/strong>5<\/h4>\n\n\n\n<div class=\"wp-block-columns is-layout-flex wp-container-core-columns-is-layout-9d6595d7 wp-block-columns-is-layout-flex\">\n<div class=\"wp-block-column is-layout-flow wp-block-column-is-layout-flow\" style=\"flex-basis:50%\">\n<ul class=\"wp-block-list\">\n<li>Universit\u00e9 Catholique Jean-Paul II de Lublin<\/li>\n\n\n\n<li>Universit\u00e9 d\u2019Opole<\/li>\n\n\n\n<li>Universit\u00e9 de Gda\u0144sk<\/li>\n\n\n\n<li>Universit\u00e9 de la Commission de l\u2019\u00c9ducation Nationale de Cracovie<\/li>\n\n\n\n<li>Universit\u00e9 de Sil\u00e9sie<\/li>\n\n\n\n<li>Universit\u00e9 de Varsovie<\/li>\n\n\n\n<li>Universit\u00e9 de Wroc\u0142aw<\/li>\n\n\n\n<li>Universit\u00e9 Jagellonne de Cracovie<\/li>\n\n\n\n<li>Universit\u00e9 Marie Curie-Sk\u0142odowska \u00e0 Lublin<\/li>\n\n\n\n<li>Universit\u00e9 Nicolas Copernic de Toru\u0144<\/li>\n\n\n\n<li>Univerit\u00e9 de \u0141\u00f3d\u017a<\/li>\n\n\n\n<li>Universit\u00e9 de Szczecin<\/li>\n\n\n\n<li>Universit\u00e9 Adam Mickiewicz \u00e0 Pozna\u0144<\/li>\n\n\n\n<li>Universit\u00e9 de Bia\u0142ystok<\/li>\n\n\n\n<li>Universit\u00e9 d\u2019Innsbruck<\/li>\n\n\n\n<li>Universit\u00e9 de Vienne<\/li>\n\n\n\n<li>Universit\u00e9 de Klagenfurt<\/li>\n\n\n\n<li>Universit\u00e9 de Nanterre<\/li>\n\n\n\n<li>Institut de la Culture Urbaine\u00a0\u00e0\u00a0Gda\u0144sk<\/li>\n\n\n\n<li>Institut Fran\u00e7ais en Pologne<\/li>\n\n\n\n<li>Alliance Fran\u00e7aise \u00e0 Gda\u0144sk<\/li>\n\n\n\n<li>Biblioth\u00e8que Universitaire de l\u2019Universit\u00e9 de Gda\u0144sk<\/li>\n\n\n\n<li>Centre Culturel Acad\u00e9mique ALTERNATOR (Universit\u00e9 de Gda\u0144sk)<\/li>\n\n\n\n<li>lepetitjournal.com\/Varsovie<\/li>\n\n\n\n<li>Little Greenfinity<\/li>\n<\/ul>\n<\/div>\n\n\n\n<div class=\"wp-block-column is-layout-flow wp-block-column-is-layout-flow\" style=\"flex-basis:50%\">\n<figure class=\"wp-block-image size-large\"><img loading=\"lazy\" decoding=\"async\" width=\"1024\" height=\"546\" src=\"https:\/\/flevolution.eu\/cms\/wp-content\/uploads\/2025\/02\/nowa-edycja-1024x546.jpg\" alt=\"new FLE\" class=\"wp-image-979\" srcset=\"https:\/\/flevolution.eu\/cms\/wp-content\/uploads\/2025\/02\/nowa-edycja-1024x546.jpg 1024w, https:\/\/flevolution.eu\/cms\/wp-content\/uploads\/2025\/02\/nowa-edycja-300x160.jpg 300w, https:\/\/flevolution.eu\/cms\/wp-content\/uploads\/2025\/02\/nowa-edycja-768x410.jpg 768w, https:\/\/flevolution.eu\/cms\/wp-content\/uploads\/2025\/02\/nowa-edycja-1536x819.jpg 1536w, https:\/\/flevolution.eu\/cms\/wp-content\/uploads\/2025\/02\/nowa-edycja.jpg 1772w\" sizes=\"auto, (max-width: 1024px) 100vw, 1024px\" \/><\/figure>\n<\/div>\n<\/div>\n\n\n\n<h4 class=\"wp-block-heading has-medium-font-size\"><strong>\u00c9dition 2024<\/strong><\/h4>\n\n\n\n<div class=\"wp-block-columns is-layout-flex wp-container-core-columns-is-layout-9d6595d7 wp-block-columns-is-layout-flex\">\n<div class=\"wp-block-column is-layout-flow wp-block-column-is-layout-flow\" style=\"flex-basis:50%\">\n<ul class=\"wp-block-list\">\n<li>Universit\u00e9 Catholique Jean-Paul II de Lublin<\/li>\n\n\n\n<li>Universit\u00e9 d&rsquo;Opole<\/li>\n\n\n\n<li>Universit\u00e9 de Gda\u0144sk<\/li>\n\n\n\n<li>Universit\u00e9 de la Commission de l\u2019\u00c9ducation Nationale de Cracovie<\/li>\n\n\n\n<li>Universit\u00e9 de Sil\u00e9sie<\/li>\n\n\n\n<li>Universit\u00e9 de Varsovie<\/li>\n\n\n\n<li>Universit\u00e9 de Wroc\u0142aw<\/li>\n\n\n\n<li>Universit\u00e9 Jagellonne de Cracovie<\/li>\n\n\n\n<li>Universit\u00e9 Marie Curie-Sk\u0142odowska \u00e0 Lublin<\/li>\n\n\n\n<li>Universit\u00e9 Nicolas Copernic de Toru\u0144<\/li>\n\n\n\n<li>Universit\u00e9 d&rsquo;Innsbruck<\/li>\n\n\n\n<li>Universit\u00e9 de Vienne<\/li>\n\n\n\n<li>Universit\u00e9 de Nanterre<\/li>\n\n\n\n<li>Institut de la Culture Urbaine&nbsp;\u00e0&nbsp;Gda\u0144sk<\/li>\n\n\n\n<li>Institut Fran\u00e7ais en Pologne<\/li>\n\n\n\n<li>Alliance Fran\u00e7aise \u00e0 Gda\u0144sk<\/li>\n\n\n\n<li>Centre Culturel Acad\u00e9mique ALTERNATOR (Universit\u00e9 de Gda\u0144sk)<\/li>\n\n\n\n<li>t\u00e9l\u00e9vision universitaire de l&rsquo;Universit\u00e9 de Gda\u0144sk, Neptun TV<\/li>\n\n\n\n<li>lepetitjournal.com\/Varsovie<\/li>\n\n\n\n<li>Parrainage d&rsquo;honneur de l&rsquo;\u00e9v\u00e9nement Atelier litt\u00e9raire.Gda\u0144sk :<\/li>\n\n\n\n<li>Pr\u00e9sident de la ville de Gda\u0144sk<\/li>\n\n\n\n<li>Marshal de la Vo\u00efvodie de Pom\u00e9ranie<\/li>\n\n\n\n<li>Recteur de l&rsquo;Universit\u00e9 de Gda\u0144sk<\/li>\n\n\n\n<li>Directeur de la Biblioth\u00e8que de l&rsquo;Universit\u00e9 de Gda\u0144sk<\/li>\n\n\n\n<li>Directeur de l&rsquo;Institut fran\u00e7ais en Pologne<\/li>\n<\/ul>\n<\/div>\n\n\n\n<div class=\"wp-block-column is-layout-flow wp-block-column-is-layout-flow\" style=\"flex-basis:50%\">\n<figure class=\"wp-block-image size-full\"><img loading=\"lazy\" decoding=\"async\" width=\"1772\" height=\"945\" src=\"https:\/\/flevolution.eu\/cms\/wp-content\/uploads\/2025\/02\/neptun.jpg\" alt=\"neptun\" class=\"wp-image-974\" srcset=\"https:\/\/flevolution.eu\/cms\/wp-content\/uploads\/2025\/02\/neptun.jpg 1772w, https:\/\/flevolution.eu\/cms\/wp-content\/uploads\/2025\/02\/neptun-300x160.jpg 300w, https:\/\/flevolution.eu\/cms\/wp-content\/uploads\/2025\/02\/neptun-1024x546.jpg 1024w, https:\/\/flevolution.eu\/cms\/wp-content\/uploads\/2025\/02\/neptun-768x410.jpg 768w, https:\/\/flevolution.eu\/cms\/wp-content\/uploads\/2025\/02\/neptun-1536x819.jpg 1536w\" sizes=\"auto, (max-width: 1772px) 100vw, 1772px\" \/><\/figure>\n<\/div>\n<\/div>\n\n\n\n<p class=\"has-medium-font-size\">Universit\u00e9 Catholique Jean-Paul II de Lublin<\/p>\n\n\n\n<p><a href=\"https:\/\/www.kul.pl\/projekt-erasmus-flevolution-9-10-v-2024,art_107400.html\">https:\/\/www.kul.pl\/projekt-erasmus-flevolution-9-10-v-2024,art_107400.html<\/a><\/p>\n\n\n<div class=\"wp-block-image is-style-default\">\n<figure class=\"aligncenter size-full\"><img loading=\"lazy\" decoding=\"async\" width=\"903\" height=\"935\" src=\"https:\/\/flevolution.eu\/cms\/wp-content\/uploads\/2024\/09\/fle_kul.png\" alt=\"article\" class=\"wp-image-678\" srcset=\"https:\/\/flevolution.eu\/cms\/wp-content\/uploads\/2024\/09\/fle_kul.png 903w, https:\/\/flevolution.eu\/cms\/wp-content\/uploads\/2024\/09\/fle_kul-290x300.png 290w, https:\/\/flevolution.eu\/cms\/wp-content\/uploads\/2024\/09\/fle_kul-768x795.png 768w\" sizes=\"auto, (max-width: 903px) 100vw, 903px\" \/><\/figure>\n<\/div>\n\n\n<p class=\"has-medium-font-size\">Universit\u00e9 de la Commission de l\u2019\u00c9ducation Nationale de Cracovie<\/p>\n\n\n\n<p><a href=\"https:\/\/blvdeculture.uken.krakow.pl\/2024\/05\/16\/flevolution-czyli-dlaczego-bylismy-w-gdansku\/\">https:\/\/blvdeculture.uken.krakow.pl\/2024\/05\/16\/flevolution-czyli-dlaczego-bylismy-w-gdansku\/<\/a><\/p>\n\n\n<div class=\"wp-block-image\">\n<figure class=\"aligncenter size-full\"><img loading=\"lazy\" decoding=\"async\" width=\"808\" height=\"1020\" src=\"https:\/\/flevolution.eu\/cms\/wp-content\/uploads\/2024\/09\/fle_uken.png\" alt=\"article\" class=\"wp-image-679\" srcset=\"https:\/\/flevolution.eu\/cms\/wp-content\/uploads\/2024\/09\/fle_uken.png 808w, https:\/\/flevolution.eu\/cms\/wp-content\/uploads\/2024\/09\/fle_uken-238x300.png 238w, https:\/\/flevolution.eu\/cms\/wp-content\/uploads\/2024\/09\/fle_uken-768x970.png 768w\" sizes=\"auto, (max-width: 808px) 100vw, 808px\" \/><\/figure>\n<\/div>\n\n\n<p class=\"has-medium-font-size\">Universit\u00e9 de Wroc\u0142aw<\/p>\n\n\n\n<p><a href=\"https:\/\/ifr.uwr.edu.pl\/2024\/05\/13\/nasze-studentki-w-programie-flevolution\">https:\/\/ifr.uwr.edu.pl\/2024\/05\/13\/nasze-studentki-w-programie-flevolution<\/a><\/p>\n\n\n<div class=\"wp-block-image\">\n<figure class=\"aligncenter size-full\"><img loading=\"lazy\" decoding=\"async\" width=\"903\" height=\"412\" src=\"https:\/\/flevolution.eu\/cms\/wp-content\/uploads\/2024\/09\/fle_uwr.png\" alt=\"article\" class=\"wp-image-680\" srcset=\"https:\/\/flevolution.eu\/cms\/wp-content\/uploads\/2024\/09\/fle_uwr.png 903w, https:\/\/flevolution.eu\/cms\/wp-content\/uploads\/2024\/09\/fle_uwr-300x137.png 300w, https:\/\/flevolution.eu\/cms\/wp-content\/uploads\/2024\/09\/fle_uwr-768x350.png 768w\" sizes=\"auto, (max-width: 903px) 100vw, 903px\" \/><\/figure>\n<\/div>\n\n\n<p class=\"has-medium-font-size\">Universit\u00e9 Nicolas Copernic de Toru\u0144<\/p>\n\n\n\n<p><a href=\"https:\/\/www.human.umk.pl\/wiadomosci\/?id=34385\">https:\/\/www.human.umk.pl\/wiadomosci\/?id=34385<\/a><\/p>\n\n\n<div class=\"wp-block-image\">\n<figure class=\"aligncenter size-full\"><img loading=\"lazy\" decoding=\"async\" width=\"852\" height=\"1008\" src=\"https:\/\/flevolution.eu\/cms\/wp-content\/uploads\/2024\/09\/fle_umk.png\" alt=\"article\" class=\"wp-image-681\" srcset=\"https:\/\/flevolution.eu\/cms\/wp-content\/uploads\/2024\/09\/fle_umk.png 852w, https:\/\/flevolution.eu\/cms\/wp-content\/uploads\/2024\/09\/fle_umk-254x300.png 254w, https:\/\/flevolution.eu\/cms\/wp-content\/uploads\/2024\/09\/fle_umk-768x909.png 768w\" sizes=\"auto, (max-width: 852px) 100vw, 852px\" \/><\/figure>\n<\/div>\n\n\n<p class=\"has-medium-font-size\">Universit\u00e9 Marie Curie-Sk\u0142odowska \u00e0 Lublin<\/p>\n\n\n\n<p><a href=\"https:\/\/www.umcs.pl\/pl\/aktualnosci,22413,udzial-studentow-wf-w-projekcie-flevolution,150733.chtm\">https:\/\/www.umcs.pl\/pl\/aktualnosci,22413,udzial-studentow-wf-w-projekcie-flevolution,150733.chtm<\/a><\/p>\n\n\n<div class=\"wp-block-image\">\n<figure class=\"aligncenter size-full\"><img loading=\"lazy\" decoding=\"async\" width=\"903\" height=\"502\" src=\"https:\/\/flevolution.eu\/cms\/wp-content\/uploads\/2024\/09\/fle_umcs.png\" alt=\"article\" class=\"wp-image-682\" srcset=\"https:\/\/flevolution.eu\/cms\/wp-content\/uploads\/2024\/09\/fle_umcs.png 903w, https:\/\/flevolution.eu\/cms\/wp-content\/uploads\/2024\/09\/fle_umcs-300x167.png 300w, https:\/\/flevolution.eu\/cms\/wp-content\/uploads\/2024\/09\/fle_umcs-768x427.png 768w\" sizes=\"auto, (max-width: 903px) 100vw, 903px\" \/><\/figure>\n<\/div>\n\n\n<p><br><br><br><br><br><\/p>\n\n\n\n<p><\/p>\n","protected":false},"excerpt":{"rendered":"<p>\u00c9dition 2025 \u00c9dition 2024 Universit\u00e9 Catholique Jean-Paul II de Lublin https:\/\/www.kul.pl\/projekt-erasmus-flevolution-9-10-v-2024,art_107400.html Universit\u00e9 de la Commission de l\u2019\u00c9ducation Nationale de Cracovie https:\/\/blvdeculture.uken.krakow.pl\/2024\/05\/16\/flevolution-czyli-dlaczego-bylismy-w-gdansku\/ Universit\u00e9 de Wroc\u0142aw https:\/\/ifr.uwr.edu.pl\/2024\/05\/13\/nasze-studentki-w-programie-flevolution Universit\u00e9 Nicolas Copernic de Toru\u0144 https:\/\/www.human.umk.pl\/wiadomosci\/?id=34385 Universit\u00e9 Marie Curie-Sk\u0142odowska \u00e0 Lublin https:\/\/www.umcs.pl\/pl\/aktualnosci,22413,udzial-studentow-wf-w-projekcie-flevolution,150733.chtm<\/p>\n","protected":false},"author":2,"featured_media":0,"parent":0,"menu_order":0,"comment_status":"closed","ping_status":"closed","template":"","meta":{"ngg_post_thumbnail":0,"_kad_post_transparent":"","_kad_post_title":"","_kad_post_layout":"","_kad_post_sidebar_id":"","_kad_post_content_style":"","_kad_post_vertical_padding":"","_kad_post_feature":"","_kad_post_feature_position":"","_kad_post_header":false,"_kad_post_footer":false,"footnotes":""},"class_list":["post-151","page","type-page","status-publish","hentry"],"_links":{"self":[{"href":"https:\/\/flevolution.eu\/cms\/index.php\/wp-json\/wp\/v2\/pages\/151","targetHints":{"allow":["GET"]}}],"collection":[{"href":"https:\/\/flevolution.eu\/cms\/index.php\/wp-json\/wp\/v2\/pages"}],"about":[{"href":"https:\/\/flevolution.eu\/cms\/index.php\/wp-json\/wp\/v2\/types\/page"}],"author":[{"embeddable":true,"href":"https:\/\/flevolution.eu\/cms\/index.php\/wp-json\/wp\/v2\/users\/2"}],"replies":[{"embeddable":true,"href":"https:\/\/flevolution.eu\/cms\/index.php\/wp-json\/wp\/v2\/comments?post=151"}],"version-history":[{"count":12,"href":"https:\/\/flevolution.eu\/cms\/index.php\/wp-json\/wp\/v2\/pages\/151\/revisions"}],"predecessor-version":[{"id":980,"href":"https:\/\/flevolution.eu\/cms\/index.php\/wp-json\/wp\/v2\/pages\/151\/revisions\/980"}],"wp:attachment":[{"href":"https:\/\/flevolution.eu\/cms\/index.php\/wp-json\/wp\/v2\/media?parent=151"}],"curies":[{"name":"wp","href":"https:\/\/api.w.org\/{rel}","templated":true}]}}